{"id":7306,"date":"2025-04-10T20:26:59","date_gmt":"2025-04-10T20:26:59","guid":{"rendered":"https:\/\/test.famiplus.ch\/location-de-salle\/"},"modified":"2025-05-30T08:56:56","modified_gmt":"2025-05-30T08:56:56","slug":"location-de-salle","status":"publish","type":"page","link":"https:\/\/famiplus.ch\/fr\/location-de-salle\/","title":{"rendered":"Location de salle"},"content":{"rendered":"\n<h1 class=\"wp-block-heading\">Location de salle<\/h1>\n\n<p>Vous cherchez des locaux pour un anniversaire d&rsquo;enfant ou une f\u00eate de famille avec de jeunes enfants ?<\/p>\n\n<p>Nous pouvons vous proposer<\/p>\n\n<ul class=\"wp-block-list\">\n<li><strong>Salle de jeux<\/strong>: une grande pi\u00e8ce (environ 20 m2) pour les enfants avec des jouets de 0 \u00e0 5 ans.<\/li>\n\n\n\n<li><strong>Caf\u00e9t\u00e9ria<\/strong> avec six tables et banc\/chaises pour environ 25 personnes, chaises hautes pour les jeunes enfants ; caf\u00e9-cuisine avec bouilloire, micro-ondes et \u00e9vier<br\/>(cuisini\u00e8re, cafeti\u00e8re professionnelle, vaisselle et couverts ne sont <strong>pas<\/strong> inclus dans la location)<\/li>\n\n\n\n<li>Vestiaire avec WC<\/li>\n\n\n\n<li>Grand <strong>jardin<\/strong> avec jeux, terrasse avec tables et chaises en \u00e9t\u00e9<\/li>\n<\/ul>\n\n<p>Location des salles uniquement le samedi et le dimanche en dehors des vacances scolaires.<\/p>\n\n<h2 class=\"wp-block-heading\">Tarifs<\/h2>\n\n<p><strong>Non-biennois et non-membres<\/strong><br\/>Journ\u00e9e compl\u00e8te (8h00 &#8211; 19h00) : <strong>150.00 Fr.<\/strong><br\/>Week-end (samedi + dimanche) : <strong>250.00 Fr.<\/strong><\/p>\n\n<p><strong>Bienne<\/strong><br\/>Journ\u00e9e compl\u00e8te (8.00 &#8211; 19.00) : <strong>130.00 Fr.<\/strong><br\/>Week-end (samedi + dimanche) : <strong>200.00 Fr.<\/strong><\/p>\n\n<p><strong>Membres FamiPlus<\/strong><br\/>Journ\u00e9e compl\u00e8te (8h00 &#8211; 19h00) : <strong>110.00 Fr<\/strong><br\/>Week-end (samedi + dimanche) : <strong>180.00 Fr.<\/strong><\/p>\n\n<p>Les locaux peuvent \u00eatre visit\u00e9s \u00e0 l&rsquo;avance, sans engagement, pendant nos heures d&rsquo;ouverture.<\/p>\n\n<p>Le montant de la location doit \u00eatre pay\u00e9 \u00e0 l&rsquo;avance pour que la r\u00e9servation soit d\u00e9finitive. L&rsquo;annulation d&rsquo;une r\u00e9servation est possible sans frais jusqu&rsquo;\u00e0 2 semaines avant la date de location. Pass\u00e9 ce d\u00e9lai, les frais de location seront factur\u00e9s dans leur int\u00e9gralit\u00e9.<\/p>\n\n<p>Environ une semaine avant la date de location, passez \u00e0 notre bureau pendant les heures de bureau (mardi et vendredi de 9h00 \u00e0 11h30). Il n&rsquo;est pas n\u00e9cessaire de s&rsquo;inscrire \u00e0 l&rsquo;avance. Un contrat de location est ensuite \u00e9tabli et une liste de contr\u00f4le pour la remise des locaux est remise. Vous recevrez ensuite les cl\u00e9s contre le paiement d&rsquo;une caution de location de 100,- CHF. La semaine suivant la location, vous rapportez les cl\u00e9s \u00e0 l&rsquo;agence et la caution vous est restitu\u00e9e s&rsquo;il n&rsquo;y a pas eu de r\u00e9clamation.<\/p>\n\n<p><strong>Informations pratiques :<\/strong><\/p>\n\n<p>Le nettoyage des locaux est \u00e0 la <strong>charge du locataire<\/strong>. Les locaux doivent \u00eatre laiss\u00e9s dans l <strong>&lsquo;\u00e9tat o\u00f9 vous les avez trouv\u00e9s<\/strong>. Reprendre tous les aliments. Ne pas laisser de d\u00e9coration suspendue. Les tables et les chaises sont propres et rang\u00e9es, les sols sont balay\u00e9s. Ranger les jouets dans la salle de jeux au bon endroit. Les d\u00e9chets doivent \u00eatre \u00e9limin\u00e9s par vos soins. Tout ce dont vous avez besoin pour le nettoyage (produits et mat\u00e9riel de nettoyage) est mis \u00e0 la disposition du locataire. Le papier toilette est inclus dans le prix de location. Heures de travail suppl\u00e9mentaires occasionn\u00e9es au bailleur par des locaux non propres ou non rang\u00e9s,  <strong>sont factur\u00e9s au locataire \u00e0 hauteur de 30,- Fr. factur\u00e9s par heure de travail entam\u00e9e<\/strong>. Les objets cass\u00e9s ou manquants doivent \u00eatre remplac\u00e9s. Le bailleur se r\u00e9serve le droit de retenir le montant correspondant sur la caution \u00e0 cet effet.<\/p>\n\n<p>Les animaux domestiques ne sont pas autoris\u00e9s sur l&rsquo;ensemble de notre site. Il est \u00e9galement interdit de fumer dans toutes les pi\u00e8ces et dans le jardin.<\/p>\n\n<p>N&rsquo;h\u00e9sitez pas \u00e0 nous contacter pour de plus amples informations pendant les heures de bureau. Les demandes de disponibilit\u00e9 des salles sont possibles par t\u00e9l\u00e9phone au 032 322 23 21. pendant les heures de bureau ou par e-mail.<\/p>\n\n<h2 class=\"wp-block-heading\">Conditions de location<\/h2>\n\n<p>Pour plus d&rsquo;informations, consultez le <a href=\"https:\/\/famiplus.ch\/wp-content\/uploads\/2025\/04\/mietkonditionen.pdf\" data-type=\"attachment\" data-id=\"7042\"><strong>lien<\/strong><\/a>.<\/p>\n","protected":false},"excerpt":{"rendered":"<p>Location de salle Vous cherchez des locaux pour un anniversaire d&rsquo;enfant ou une f\u00eate de famille avec de jeunes enfants ? Nous pouvons vous proposer Location des salles uniquement le samedi et le dimanche en dehors des vacances scolaires. Tarifs Non-biennois et non-membresJourn\u00e9e compl\u00e8te (8h00 &#8211; 19h00) : 150.00 Fr.Week-end (samedi + dimanche) : 250.00 [&hellip;]<\/p>\n","protected":false},"author":1,"featured_media":8077,"parent":0,"menu_order":0,"comment_status":"closed","ping_status":"closed","template":"","meta":{"footnotes":""},"class_list":["post-7306","page","type-page","status-publish","has-post-thumbnail","hentry"],"_links":{"self":[{"href":"https:\/\/famiplus.ch\/fr\/wp-json\/wp\/v2\/pages\/7306","targetHints":{"allow":["GET"]}}],"collection":[{"href":"https:\/\/famiplus.ch\/fr\/wp-json\/wp\/v2\/pages"}],"about":[{"href":"https:\/\/famiplus.ch\/fr\/wp-json\/wp\/v2\/types\/page"}],"author":[{"embeddable":true,"href":"https:\/\/famiplus.ch\/fr\/wp-json\/wp\/v2\/users\/1"}],"replies":[{"embeddable":true,"href":"https:\/\/famiplus.ch\/fr\/wp-json\/wp\/v2\/comments?post=7306"}],"version-history":[{"count":2,"href":"https:\/\/famiplus.ch\/fr\/wp-json\/wp\/v2\/pages\/7306\/revisions"}],"predecessor-version":[{"id":7308,"href":"https:\/\/famiplus.ch\/fr\/wp-json\/wp\/v2\/pages\/7306\/revisions\/7308"}],"wp:featuredmedia":[{"embeddable":true,"href":"https:\/\/famiplus.ch\/fr\/wp-json\/wp\/v2\/media\/8077"}],"wp:attachment":[{"href":"https:\/\/famiplus.ch\/fr\/wp-json\/wp\/v2\/media?parent=7306"}],"curies":[{"name":"wp","href":"https:\/\/api.w.org\/{rel}","templated":true}]}}